{"id":13531,"date":"2022-04-21T16:46:37","date_gmt":"2022-04-21T21:46:37","guid":{"rendered":"https:\/\/shop.modaclaus.com\/?post_type=product&#038;p=13531"},"modified":"2026-01-23T18:57:11","modified_gmt":"2026-01-24T00:57:11","slug":"imagenes-de-mandiles-para-educadoras-bichitos-bc002","status":"publish","type":"product","link":"https:\/\/shop.modaclaus.com\/en\/educadora\/imagenes-de-mandiles-para-educadoras-bichitos-bc002\/","title":{"rendered":"Mandil Bichitos BC002"},"content":{"rendered":"<ul>\n<li>Talla: Unitalla.<\/li>\n<li style=\"text-align: left;\">Tirante: <b><i>Este modelo no lleva tirantes.<\/i><\/b> La solapa cubre desde la base de tu cuello, al inicio de tu hombro.<\/li>\n<li style=\"text-align: left;\">Color: Azul turquesa, vivos en verde lim\u00f3n.<\/li>\n<li style=\"text-align: left;\">Incluye: Empaque individual | Morralito.<\/li>\n<li style=\"text-align: left;\">Cintas: 4 Jaretas (Cintas) Que permiten que la prenda se ajuste perfecto a tu cintura.<\/li>\n<li style=\"text-align: left;\">Bolsas:<br \/>\n1 Bolsa exterior amplia (doble carta)<br \/>\n1 Bolsa interior para celular con tapa.<br \/>\n1 Bolsa interior con tapa, para llaves o monedas.<\/li>\n<li style=\"text-align: left;\">Bot\u00f3n de seguridad.\u00a0 Nada se escapa de tu bolsa o bien, ninguna manita podr\u00e1 entrar f\u00e1cilmente sin que te des cuenta.<\/li>\n<\/ul>\n<p><strong>Nota:\u00a0<\/strong><\/p>\n<ul>\n<li><strong>Todos los modelos que fabricamos, est\u00e1n dise\u00f1ados con un largo de cuerpo, que permite a la prenda llegar a 5 cm antes del inicio de la rodilla.<\/strong><\/li>\n<li><strong>Se ajust\u00f3 a una altura promedio de mujeres mexicanas, que es entre 1.50 y 1.65 m de altura.<\/strong><\/li>\n<\/ul>\n<p><strong><em>(Si t\u00fa tienes la dicha de medir m\u00e1s de 1.65 m y deseas que la prenda llegue 5 cm antes de tu rodilla, es necesario nos contactes para fabricarte la prenda a una medida m\u00e1s larga).<\/em><\/strong><\/p>\n<p>Esta secci\u00f3n puede ser de tu inter\u00e9s:<\/p>\n<h1><a href=\"https:\/\/shop.modaclaus.com\/en\/mandiles\/mandil-para-educadora\/\">Im\u00e1genes de mandiles para educadoras<\/a><\/h1>","protected":false},"excerpt":{"rendered":"<h4 style=\"text-align: left;\">Cod.BC002<br \/>\nUNITALLA<\/h4>\n<div style=\"text-align: left;\"><\/div>\n<div style=\"text-align: left;\">\n<p><strong>Bichitos est\u00e1 lleno de color.<\/strong><\/p>\n<p>Este dise\u00f1o lo hicimos pensando en ese d\u00eda tan especial, donde las ni\u00f1as y ni\u00f1os desfilan por las calles cercanas a su escuela, disfrazados de animalitos, flores, insectos, e inclusive del rey y la reina de la primavera.<\/p>\n<p>Sabemos lo importante que es para ti ese d\u00eda, as\u00ed que plasmamos un bello estampado con unas alegres ni\u00f1as y ni\u00f1os, disfrazados de Bichitos, y detr\u00e1s de ellos su hermosa escuela.<\/p>\n<p>Una paleta de colores primarios que llenaran las pupilas de todas tus alumnas y alumnos.<\/p>\n<p>Los <a href=\"https:\/\/shop.modaclaus.com\/en\/mandiles\/mandil-para-educadora\/\">mandiles para educadoras de preescolar<\/a> que fabricamos, siempre tienen dise\u00f1os que plasmas acontecimientos, o aprendizajes que pasan en tu escuela.<\/p>\n<\/div>\n<div>\n<p style=\"text-align: left;\"><strong><br \/>\nAltura de la modelo: 1.56 m<\/strong><\/p>\n<p style=\"text-align: left;\"><strong>Esta prenda la puedes adquirir:<\/strong><br \/>\n<strong>-Pagando a meses sin intereses (desde 6 hasta 12)<\/strong><br \/>\n<strong>-Pagando en 5 quincenas con tu cr\u00e9dito ZIP.<\/strong><\/p>\n<\/div>","protected":false},"featured_media":13516,"comment_status":"open","ping_status":"closed","template":"","meta":{"_joinchat":[]},"product_brand":[],"product_cat":[111,119,125,110],"product_tag":[],"class_list":{"0":"post-13531","1":"product","2":"type-product","3":"status-publish","4":"has-post-thumbnail","6":"product_cat-educadora","7":"product_cat-color-azul-cielo","8":"product_cat-estampada","9":"product_cat-mandil","11":"first","12":"instock","13":"taxable","14":"shipping-taxable","15":"purchasable","16":"product-type-simple"},"_links":{"self":[{"href":"https:\/\/shop.modaclaus.com\/en\/wp-json\/wp\/v2\/product\/13531","targetHints":{"allow":["GET"]}}],"collection":[{"href":"https:\/\/shop.modaclaus.com\/en\/wp-json\/wp\/v2\/product"}],"about":[{"href":"https:\/\/shop.modaclaus.com\/en\/wp-json\/wp\/v2\/types\/product"}],"replies":[{"embeddable":true,"href":"https:\/\/shop.modaclaus.com\/en\/wp-json\/wp\/v2\/comments?post=13531"}],"version-history":[{"count":0,"href":"https:\/\/shop.modaclaus.com\/en\/wp-json\/wp\/v2\/product\/13531\/revisions"}],"wp:featuredmedia":[{"embeddable":true,"href":"https:\/\/shop.modaclaus.com\/en\/wp-json\/wp\/v2\/media\/13516"}],"wp:attachment":[{"href":"https:\/\/shop.modaclaus.com\/en\/wp-json\/wp\/v2\/media?parent=13531"}],"wp:term":[{"taxonomy":"product_brand","embeddable":true,"href":"https:\/\/shop.modaclaus.com\/en\/wp-json\/wp\/v2\/product_brand?post=13531"},{"taxonomy":"product_cat","embeddable":true,"href":"https:\/\/shop.modaclaus.com\/en\/wp-json\/wp\/v2\/product_cat?post=13531"},{"taxonomy":"product_tag","embeddable":true,"href":"https:\/\/shop.modaclaus.com\/en\/wp-json\/wp\/v2\/product_tag?post=13531"}],"curies":[{"name":"wp","href":"https:\/\/api.w.org\/{rel}","templated":true}]}}